{"version":"1.0","provider_name":"ViaCarpatia","provider_url":"https:\/\/viacarpatia.eu\/hu\/","author_name":"promiseo","author_url":"https:\/\/viacarpatia.eu\/hu\/author\/promiseo\/","title":"Utols\u00f3 pont a \u201eMeet the Local Needs\u201c projekten bel\u0171l - ViaCarpatia","type":"rich","width":600,"height":338,"html":"<blockquote class=\"wp-embedded-content\" data-secret=\"COxSVWBPBW\"><a href=\"https:\/\/viacarpatia.eu\/hu\/posledna-bodka-projektu-meet-the-local-needs\/\">Utols\u00f3 pont a \u201eMeet the Local Needs\u201c projekten bel\u0171l<\/a><\/blockquote><iframe sandbox=\"allow-scripts\" security=\"restricted\" src=\"https:\/\/viacarpatia.eu\/hu\/posledna-bodka-projektu-meet-the-local-needs\/embed\/#?secret=COxSVWBPBW\" width=\"600\" height=\"338\" title=\"&#8220;Utols\u00f3 pont a \u201eMeet the Local Needs\u201c projekten bel\u0171l&#8221; &#8212; ViaCarpatia\" data-secret=\"COxSVWBPBW\" frameborder=\"0\" marginwidth=\"0\" marginheight=\"0\" scrolling=\"no\" class=\"wp-embedded-content\"><\/iframe><script type=\"text\/javascript\">\n\/* <![CDATA[ *\/\n\/*! This file is auto-generated *\/\n!function(d,l){\"use strict\";l.querySelector&&d.addEventListener&&\"undefined\"!=typeof URL&&(d.wp=d.wp||{},d.wp.receiveEmbedMessage||(d.wp.receiveEmbedMessage=function(e){var t=e.data;if((t||t.secret||t.message||t.value)&&!\/[^a-zA-Z0-9]\/.test(t.secret)){for(var s,r,n,a=l.querySelectorAll('iframe[data-secret=\"'+t.secret+'\"]'),o=l.querySelectorAll('blockquote[data-secret=\"'+t.secret+'\"]'),c=new RegExp(\"^https?:$\",\"i\"),i=0;i<o.length;i++)o[i].style.display=\"none\";for(i=0;i<a.length;i++)s=a[i],e.source===s.contentWindow&&(s.removeAttribute(\"style\"),\"height\"===t.message?(1e3<(r=parseInt(t.value,10))?r=1e3:~~r<200&&(r=200),s.height=r):\"link\"===t.message&&(r=new URL(s.getAttribute(\"src\")),n=new URL(t.value),c.test(n.protocol))&&n.host===r.host&&l.activeElement===s&&(d.top.location.href=t.value))}},d.addEventListener(\"message\",d.wp.receiveEmbedMessage,!1),l.addEventListener(\"DOMContentLoaded\",function(){for(var e,t,s=l.querySelectorAll(\"iframe.wp-embedded-content\"),r=0;r<s.length;r++)(t=(e=s[r]).getAttribute(\"data-secret\"))||(t=Math.random().toString(36).substring(2,12),e.src+=\"#?secret=\"+t,e.setAttribute(\"data-secret\",t)),e.contentWindow.postMessage({message:\"ready\",secret:t},\"*\")},!1)))}(window,document);\n\/\/# sourceURL=https:\/\/viacarpatia.eu\/wp-includes\/js\/wp-embed.min.js\n\/* ]]> *\/\n<\/script>\n","thumbnail_url":"https:\/\/viacarpatia.eu\/wp-content\/uploads\/2023\/04\/628631875c1510f3408b456f.jpg","thumbnail_width":766,"thumbnail_height":480,"description":"Utols\u00f3 \u00fcnnep\u00e9lyes pont a \u201eMeet the Local Needs\u201c projekten bel\u0171l a Szent Istv\u00e1n h\u00e1z \u00e1tad\u00e1sa volt, amelyre 2022. m\u00e1jus 17-\u00e9n ker\u00fclt sor Gagyvend\u00e9giben. Ez egy k\u00e9pz\u00e9si k\u00f6zpont ahol oktat\u00e1si programokat, k\u00e9pz\u00e9seket \u00e9s egy\u00e9b esem\u00e9nyeket szerveznek majd, amelyek el\u0151seg\u00edtik azon h\u00e1tr\u00e1nyos helyzet\u0171 emberek munkaer\u0151 piaci integr\u00e1ci\u00f3j\u00e1t, akik nem rendelkeznek versenyk\u00e9pes szak\u00e9rtelemmel \u00e9s tud\u00e1ssal. Az udvarban tal\u00e1lhat\u00f3 [&hellip;]"}