{"id":10139,"date":"2025-10-31T08:45:51","date_gmt":"2025-10-31T07:45:51","guid":{"rendered":"https:\/\/viacarpatia.eu\/?post_type=projekty&#038;p=10139"},"modified":"2025-10-31T08:49:11","modified_gmt":"2025-10-31T07:49:11","slug":"bringing-paradigms-az-idos-felnottek-pszichoszocialis-egeszsegenek-erositese-a-digitalis-irastudas-fejlesztesevel","status":"publish","type":"projekty","link":"https:\/\/viacarpatia.eu\/hu\/projekty\/bringing-paradigms-az-idos-felnottek-pszichoszocialis-egeszsegenek-erositese-a-digitalis-irastudas-fejlesztesevel\/","title":{"rendered":"Bringing Paradigms \u2013 Az id\u0151s feln\u0151ttek pszichoszoci\u00e1lis eg\u00e9szs\u00e9g\u00e9nek er\u0151s\u00edt\u00e9se a digit\u00e1lis \u00edr\u00e1stud\u00e1s fejleszt\u00e9s\u00e9vel"},"content":{"rendered":"<p>A <strong>Bridging Paradigms<\/strong> nemzetk\u00f6zi projekt seg\u00edti az id\u0151seket a digit\u00e1lis k\u00e9szs\u00e9gek elsaj\u00e1t\u00edt\u00e1s\u00e1ban, \u00e9s oktat\u00e1si tev\u00e9kenys\u00e9geken kereszt\u00fcl megk\u00f6nny\u00edti sz\u00e1mukra a modern technol\u00f3gi\u00e1khoz val\u00f3 hozz\u00e1f\u00e9r\u00e9st, amelyek egy\u00fattal el\u0151seg\u00edtik ment\u00e1lis j\u00f3ll\u00e9t\u00fcket \u00e9s t\u00e1rsadalmi beilleszked\u00e9s\u00fcket. A projekt c\u00e9lja, hogy a nappali k\u00f6zpontokb\u00f3l digit\u00e1lis oktat\u00e1si k\u00f6zpontokat hozzon l\u00e9tre, amelyek lehet\u0151s\u00e9get biztos\u00edtanak az id\u0151sek sz\u00e1m\u00e1ra a digit\u00e1lis \u00edr\u00e1stud\u00e1s fejleszt\u00e9s\u00e9re, s egy\u00fattal a k\u00e9pz\u0151k szakmai k\u00e9szs\u00e9geit is er\u0151s\u00edtik.<br \/>\nA kezdem\u00e9nyez\u00e9s k\u00f6z\u00f6ss\u00e9gi alap\u00fa megk\u00f6zel\u00edt\u00e9st alkalmaz, amely az id\u0151skor\u00faak digit\u00e1lis vil\u00e1gban megjelen\u0151 ig\u00e9nyeire reag\u00e1l.<\/p>\n<p><strong>A projekt keret\u00e9ben megval\u00f3s\u00edtand\u00f3 f\u0151 tev\u00e9kenys\u00e9gek:<\/strong><br \/>\n\u2022\tAz id\u0151sek ig\u00e9nyeihez igaz\u00edtott digit\u00e1lis \u00edr\u00e1stud\u00e1si tanterv kidolgoz\u00e1sa, k\u00fcl\u00f6n\u00f6s tekintettel az online biztons\u00e1gra<br \/>\n\u2022\tKomplex k\u00e9zik\u00f6nyv k\u00e9sz\u00edt\u00e9se a nappali k\u00f6zpontokban dolgoz\u00f3 oktat\u00f3k sz\u00e1m\u00e1ra<br \/>\n\u2022\t\u201eOktat\u00f3k k\u00e9pz\u00e9se\u201d c\u00edm\u0171 kurzus megval\u00f3s\u00edt\u00e1sa virtu\u00e1lis platformokon kereszt\u00fcl<br \/>\n\u2022\t\u00c1talak\u00edt\u00e1si terv kidolgoz\u00e1sa, amely a nappali k\u00f6zpontokat helyi oktat\u00e1si k\u00f6zpontokk\u00e1 alak\u00edtja<br \/>\n\u2022\tPilotk\u00e9pz\u00e9sek megval\u00f3s\u00edt\u00e1sa a tantervek \u00e9s az oktat\u00e1si m\u00f3dszerek t\u00f6k\u00e9letes\u00edt\u00e9se \u00e9rdek\u00e9ben<\/p>\n<p><strong>A projekt v\u00e1rhat\u00f3 eredm\u00e9nyei:<\/strong><br \/>\n\u2022\tAz id\u0151sek digit\u00e1lis \u00edr\u00e1stud\u00e1s\u00e1nak n\u00f6vel\u00e9se \u00e9s a digit\u00e1lis k\u00f6rnyezetben val\u00f3 jobb t\u00e1j\u00e9koz\u00f3d\u00e1suk<br \/>\n\u2022\tAz id\u0151sek ment\u00e1lis j\u00f3ll\u00e9t\u00e9nek jav\u00edt\u00e1sa az oktat\u00e1sba val\u00f3 akt\u00edv bekapcsol\u00f3d\u00e1s r\u00e9v\u00e9n<br \/>\n\u2022\tA nappali k\u00f6zpontok digit\u00e1lis oktat\u00e1si k\u00f6zpontokk\u00e1 alak\u00edt\u00e1sa<br \/>\n\u2022\tDigit\u00e1lis k\u00e9pz\u00e9sek ny\u00fajt\u00e1s\u00e1ra alkalmas, szakk\u00e9pzett oktat\u00f3k<br \/>\n\u2022\tA t\u00e1rsadalmi befogad\u00e1s \u00e9s az \u00e9lethosszig tart\u00f3 tanul\u00e1s t\u00e1mogat\u00e1s\u00e1nak er\u0151s\u00edt\u00e9se az id\u0151sek k\u00f6r\u00e9ben<\/p>\n<p>A projekt megval\u00f3s\u00edt\u00e1sa n\u00e9gy partnerszervezet r\u00e9szv\u00e9tel\u00e9vel t\u00f6rt\u00e9nik: Olaszorsz\u00e1gb\u00f3l, G\u00f6r\u00f6gorsz\u00e1gb\u00f3l, Ciprusr\u00f3l \u00e9s Rom\u00e1ni\u00e1b\u00f3l.<\/p>\n<p><strong>A projekt az Erasmus+ program keret\u00e9ben val\u00f3sul meg, az Eur\u00f3pai Uni\u00f3 t\u00e1mogat\u00e1s\u00e1val.<\/strong><\/p>\n<p><strong>A projekt id\u0151tartama:<\/strong> 2025. november 1. \u2013 2027. okt\u00f3ber 31.<br \/>\n<strong>A projekt teljes k\u00f6lts\u00e9gvet\u00e9se:<\/strong> 250 000 \u20ac<\/p>\n","protected":false},"featured_media":10138,"template":"","class_list":["post-10139","projekty","type-projekty","status-publish","has-post-thumbnail","hentry"],"acf":[],"yoast_head":"<!-- This site is optimized with the Yoast SEO plugin v27.5 - https:\/\/yoast.com\/product\/yoast-seo-wordpress\/ -->\n<title>Bringing Paradigms \u2013 Az id\u0151s feln\u0151ttek pszichoszoci\u00e1lis eg\u00e9szs\u00e9g\u00e9nek er\u0151s\u00edt\u00e9se a digit\u00e1lis \u00edr\u00e1stud\u00e1s fejleszt\u00e9s\u00e9vel - ViaCarpatia<\/title>\n<meta name=\"robots\" content=\"index, follow, max-snippet:-1, max-image-preview:large, max-video-preview:-1\" \/>\n<link rel=\"canonical\" href=\"https:\/\/viacarpatia.eu\/hu\/projekty\/bringing-paradigms-az-idos-felnottek-pszichoszocialis-egeszsegenek-erositese-a-digitalis-irastudas-fejlesztesevel\/\" \/>\n<meta property=\"og:locale\" content=\"hu_HU\" \/>\n<meta property=\"og:type\" content=\"article\" \/>\n<meta property=\"og:title\" content=\"Bringing Paradigms \u2013 Az id\u0151s feln\u0151ttek pszichoszoci\u00e1lis eg\u00e9szs\u00e9g\u00e9nek er\u0151s\u00edt\u00e9se a digit\u00e1lis \u00edr\u00e1stud\u00e1s fejleszt\u00e9s\u00e9vel - ViaCarpatia\" \/>\n<meta property=\"og:description\" content=\"A Bridging Paradigms nemzetk\u00f6zi projekt seg\u00edti az id\u0151seket a digit\u00e1lis k\u00e9szs\u00e9gek elsaj\u00e1t\u00edt\u00e1s\u00e1ban, \u00e9s oktat\u00e1si tev\u00e9kenys\u00e9geken kereszt\u00fcl megk\u00f6nny\u00edti sz\u00e1mukra a modern technol\u00f3gi\u00e1khoz val\u00f3 hozz\u00e1f\u00e9r\u00e9st, amelyek egy\u00fattal el\u0151seg\u00edtik ment\u00e1lis j\u00f3ll\u00e9t\u00fcket \u00e9s t\u00e1rsadalmi beilleszked\u00e9s\u00fcket. A projekt c\u00e9lja, hogy a nappali k\u00f6zpontokb\u00f3l digit\u00e1lis oktat\u00e1si k\u00f6zpontokat hozzon l\u00e9tre, amelyek lehet\u0151s\u00e9get biztos\u00edtanak az id\u0151sek sz\u00e1m\u00e1ra a digit\u00e1lis \u00edr\u00e1stud\u00e1s fejleszt\u00e9s\u00e9re, s egy\u00fattal [&hellip;]\" \/>\n<meta property=\"og:url\" content=\"https:\/\/viacarpatia.eu\/hu\/projekty\/bringing-paradigms-az-idos-felnottek-pszichoszocialis-egeszsegenek-erositese-a-digitalis-irastudas-fejlesztesevel\/\" \/>\n<meta property=\"og:site_name\" content=\"ViaCarpatia\" \/>\n<meta property=\"article:modified_time\" content=\"2025-10-31T07:49:11+00:00\" \/>\n<meta property=\"og:image\" content=\"https:\/\/viacarpatia.eu\/wp-content\/uploads\/2025\/10\/Digitalna-gramotnost-pre-seniorov.png\" \/>\n\t<meta property=\"og:image:width\" content=\"1024\" \/>\n\t<meta property=\"og:image:height\" content=\"1024\" \/>\n\t<meta property=\"og:image:type\" content=\"image\/png\" \/>\n<meta name=\"twitter:card\" content=\"summary_large_image\" \/>\n<meta name=\"twitter:label1\" content=\"Becs\u00fclt olvas\u00e1si id\u0151\" \/>\n\t<meta name=\"twitter:data1\" content=\"1 perc\" \/>\n<script type=\"application\/ld+json\" class=\"yoast-schema-graph\">{\"@context\":\"https:\\\/\\\/schema.org\",\"@graph\":[{\"@type\":\"WebPage\",\"@id\":\"https:\\\/\\\/viacarpatia.eu\\\/hu\\\/projekty\\\/bringing-paradigms-az-idos-felnottek-pszichoszocialis-egeszsegenek-erositese-a-digitalis-irastudas-fejlesztesevel\\\/\",\"url\":\"https:\\\/\\\/viacarpatia.eu\\\/hu\\\/projekty\\\/bringing-paradigms-az-idos-felnottek-pszichoszocialis-egeszsegenek-erositese-a-digitalis-irastudas-fejlesztesevel\\\/\",\"name\":\"Bringing Paradigms \u2013 Az id\u0151s feln\u0151ttek pszichoszoci\u00e1lis eg\u00e9szs\u00e9g\u00e9nek er\u0151s\u00edt\u00e9se a digit\u00e1lis \u00edr\u00e1stud\u00e1s fejleszt\u00e9s\u00e9vel - ViaCarpatia\",\"isPartOf\":{\"@id\":\"https:\\\/\\\/viacarpatia.eu\\\/#website\"},\"primaryImageOfPage\":{\"@id\":\"https:\\\/\\\/viacarpatia.eu\\\/hu\\\/projekty\\\/bringing-paradigms-az-idos-felnottek-pszichoszocialis-egeszsegenek-erositese-a-digitalis-irastudas-fejlesztesevel\\\/#primaryimage\"},\"image\":{\"@id\":\"https:\\\/\\\/viacarpatia.eu\\\/hu\\\/projekty\\\/bringing-paradigms-az-idos-felnottek-pszichoszocialis-egeszsegenek-erositese-a-digitalis-irastudas-fejlesztesevel\\\/#primaryimage\"},\"thumbnailUrl\":\"https:\\\/\\\/viacarpatia.eu\\\/wp-content\\\/uploads\\\/2025\\\/10\\\/Digitalna-gramotnost-pre-seniorov.png\",\"datePublished\":\"2025-10-31T07:45:51+00:00\",\"dateModified\":\"2025-10-31T07:49:11+00:00\",\"breadcrumb\":{\"@id\":\"https:\\\/\\\/viacarpatia.eu\\\/hu\\\/projekty\\\/bringing-paradigms-az-idos-felnottek-pszichoszocialis-egeszsegenek-erositese-a-digitalis-irastudas-fejlesztesevel\\\/#breadcrumb\"},\"inLanguage\":\"hu\",\"potentialAction\":[{\"@type\":\"ReadAction\",\"target\":[\"https:\\\/\\\/viacarpatia.eu\\\/hu\\\/projekty\\\/bringing-paradigms-az-idos-felnottek-pszichoszocialis-egeszsegenek-erositese-a-digitalis-irastudas-fejlesztesevel\\\/\"]}]},{\"@type\":\"ImageObject\",\"inLanguage\":\"hu\",\"@id\":\"https:\\\/\\\/viacarpatia.eu\\\/hu\\\/projekty\\\/bringing-paradigms-az-idos-felnottek-pszichoszocialis-egeszsegenek-erositese-a-digitalis-irastudas-fejlesztesevel\\\/#primaryimage\",\"url\":\"https:\\\/\\\/viacarpatia.eu\\\/wp-content\\\/uploads\\\/2025\\\/10\\\/Digitalna-gramotnost-pre-seniorov.png\",\"contentUrl\":\"https:\\\/\\\/viacarpatia.eu\\\/wp-content\\\/uploads\\\/2025\\\/10\\\/Digitalna-gramotnost-pre-seniorov.png\",\"width\":1024,\"height\":1024},{\"@type\":\"BreadcrumbList\",\"@id\":\"https:\\\/\\\/viacarpatia.eu\\\/hu\\\/projekty\\\/bringing-paradigms-az-idos-felnottek-pszichoszocialis-egeszsegenek-erositese-a-digitalis-irastudas-fejlesztesevel\\\/#breadcrumb\",\"itemListElement\":[{\"@type\":\"ListItem\",\"position\":1,\"name\":\"Home\",\"item\":\"https:\\\/\\\/viacarpatia.eu\\\/\"},{\"@type\":\"ListItem\",\"position\":2,\"name\":\"Bringing Paradigms \u2013 Az id\u0151s feln\u0151ttek pszichoszoci\u00e1lis eg\u00e9szs\u00e9g\u00e9nek er\u0151s\u00edt\u00e9se a digit\u00e1lis \u00edr\u00e1stud\u00e1s fejleszt\u00e9s\u00e9vel\"}]},{\"@type\":\"WebSite\",\"@id\":\"https:\\\/\\\/viacarpatia.eu\\\/#website\",\"url\":\"https:\\\/\\\/viacarpatia.eu\\\/\",\"name\":\"ViaCarpatia\",\"description\":\"Sp\u00e1jame historick\u00e9 a kult\u00farno-jazykov\u00e9 trad\u00edcie\",\"alternateName\":\"ViaCarpatia\",\"potentialAction\":[{\"@type\":\"SearchAction\",\"target\":{\"@type\":\"EntryPoint\",\"urlTemplate\":\"https:\\\/\\\/viacarpatia.eu\\\/?s={search_term_string}\"},\"query-input\":{\"@type\":\"PropertyValueSpecification\",\"valueRequired\":true,\"valueName\":\"search_term_string\"}}],\"inLanguage\":\"hu\"}]}<\/script>\n<!-- \/ Yoast SEO plugin. -->","yoast_head_json":{"title":"Bringing Paradigms \u2013 Az id\u0151s feln\u0151ttek pszichoszoci\u00e1lis eg\u00e9szs\u00e9g\u00e9nek er\u0151s\u00edt\u00e9se a digit\u00e1lis \u00edr\u00e1stud\u00e1s fejleszt\u00e9s\u00e9vel - ViaCarpatia","robots":{"index":"index","follow":"follow","max-snippet":"max-snippet:-1","max-image-preview":"max-image-preview:large","max-video-preview":"max-video-preview:-1"},"canonical":"https:\/\/viacarpatia.eu\/hu\/projekty\/bringing-paradigms-az-idos-felnottek-pszichoszocialis-egeszsegenek-erositese-a-digitalis-irastudas-fejlesztesevel\/","og_locale":"hu_HU","og_type":"article","og_title":"Bringing Paradigms \u2013 Az id\u0151s feln\u0151ttek pszichoszoci\u00e1lis eg\u00e9szs\u00e9g\u00e9nek er\u0151s\u00edt\u00e9se a digit\u00e1lis \u00edr\u00e1stud\u00e1s fejleszt\u00e9s\u00e9vel - ViaCarpatia","og_description":"A Bridging Paradigms nemzetk\u00f6zi projekt seg\u00edti az id\u0151seket a digit\u00e1lis k\u00e9szs\u00e9gek elsaj\u00e1t\u00edt\u00e1s\u00e1ban, \u00e9s oktat\u00e1si tev\u00e9kenys\u00e9geken kereszt\u00fcl megk\u00f6nny\u00edti sz\u00e1mukra a modern technol\u00f3gi\u00e1khoz val\u00f3 hozz\u00e1f\u00e9r\u00e9st, amelyek egy\u00fattal el\u0151seg\u00edtik ment\u00e1lis j\u00f3ll\u00e9t\u00fcket \u00e9s t\u00e1rsadalmi beilleszked\u00e9s\u00fcket. A projekt c\u00e9lja, hogy a nappali k\u00f6zpontokb\u00f3l digit\u00e1lis oktat\u00e1si k\u00f6zpontokat hozzon l\u00e9tre, amelyek lehet\u0151s\u00e9get biztos\u00edtanak az id\u0151sek sz\u00e1m\u00e1ra a digit\u00e1lis \u00edr\u00e1stud\u00e1s fejleszt\u00e9s\u00e9re, s egy\u00fattal [&hellip;]","og_url":"https:\/\/viacarpatia.eu\/hu\/projekty\/bringing-paradigms-az-idos-felnottek-pszichoszocialis-egeszsegenek-erositese-a-digitalis-irastudas-fejlesztesevel\/","og_site_name":"ViaCarpatia","article_modified_time":"2025-10-31T07:49:11+00:00","og_image":[{"width":1024,"height":1024,"url":"https:\/\/viacarpatia.eu\/wp-content\/uploads\/2025\/10\/Digitalna-gramotnost-pre-seniorov.png","type":"image\/png"}],"twitter_card":"summary_large_image","twitter_misc":{"Becs\u00fclt olvas\u00e1si id\u0151":"1 perc"},"schema":{"@context":"https:\/\/schema.org","@graph":[{"@type":"WebPage","@id":"https:\/\/viacarpatia.eu\/hu\/projekty\/bringing-paradigms-az-idos-felnottek-pszichoszocialis-egeszsegenek-erositese-a-digitalis-irastudas-fejlesztesevel\/","url":"https:\/\/viacarpatia.eu\/hu\/projekty\/bringing-paradigms-az-idos-felnottek-pszichoszocialis-egeszsegenek-erositese-a-digitalis-irastudas-fejlesztesevel\/","name":"Bringing Paradigms \u2013 Az id\u0151s feln\u0151ttek pszichoszoci\u00e1lis eg\u00e9szs\u00e9g\u00e9nek er\u0151s\u00edt\u00e9se a digit\u00e1lis \u00edr\u00e1stud\u00e1s fejleszt\u00e9s\u00e9vel - ViaCarpatia","isPartOf":{"@id":"https:\/\/viacarpatia.eu\/#website"},"primaryImageOfPage":{"@id":"https:\/\/viacarpatia.eu\/hu\/projekty\/bringing-paradigms-az-idos-felnottek-pszichoszocialis-egeszsegenek-erositese-a-digitalis-irastudas-fejlesztesevel\/#primaryimage"},"image":{"@id":"https:\/\/viacarpatia.eu\/hu\/projekty\/bringing-paradigms-az-idos-felnottek-pszichoszocialis-egeszsegenek-erositese-a-digitalis-irastudas-fejlesztesevel\/#primaryimage"},"thumbnailUrl":"https:\/\/viacarpatia.eu\/wp-content\/uploads\/2025\/10\/Digitalna-gramotnost-pre-seniorov.png","datePublished":"2025-10-31T07:45:51+00:00","dateModified":"2025-10-31T07:49:11+00:00","breadcrumb":{"@id":"https:\/\/viacarpatia.eu\/hu\/projekty\/bringing-paradigms-az-idos-felnottek-pszichoszocialis-egeszsegenek-erositese-a-digitalis-irastudas-fejlesztesevel\/#breadcrumb"},"inLanguage":"hu","potentialAction":[{"@type":"ReadAction","target":["https:\/\/viacarpatia.eu\/hu\/projekty\/bringing-paradigms-az-idos-felnottek-pszichoszocialis-egeszsegenek-erositese-a-digitalis-irastudas-fejlesztesevel\/"]}]},{"@type":"ImageObject","inLanguage":"hu","@id":"https:\/\/viacarpatia.eu\/hu\/projekty\/bringing-paradigms-az-idos-felnottek-pszichoszocialis-egeszsegenek-erositese-a-digitalis-irastudas-fejlesztesevel\/#primaryimage","url":"https:\/\/viacarpatia.eu\/wp-content\/uploads\/2025\/10\/Digitalna-gramotnost-pre-seniorov.png","contentUrl":"https:\/\/viacarpatia.eu\/wp-content\/uploads\/2025\/10\/Digitalna-gramotnost-pre-seniorov.png","width":1024,"height":1024},{"@type":"BreadcrumbList","@id":"https:\/\/viacarpatia.eu\/hu\/projekty\/bringing-paradigms-az-idos-felnottek-pszichoszocialis-egeszsegenek-erositese-a-digitalis-irastudas-fejlesztesevel\/#breadcrumb","itemListElement":[{"@type":"ListItem","position":1,"name":"Home","item":"https:\/\/viacarpatia.eu\/"},{"@type":"ListItem","position":2,"name":"Bringing Paradigms \u2013 Az id\u0151s feln\u0151ttek pszichoszoci\u00e1lis eg\u00e9szs\u00e9g\u00e9nek er\u0151s\u00edt\u00e9se a digit\u00e1lis \u00edr\u00e1stud\u00e1s fejleszt\u00e9s\u00e9vel"}]},{"@type":"WebSite","@id":"https:\/\/viacarpatia.eu\/#website","url":"https:\/\/viacarpatia.eu\/","name":"ViaCarpatia","description":"Sp\u00e1jame historick\u00e9 a kult\u00farno-jazykov\u00e9 trad\u00edcie","alternateName":"ViaCarpatia","potentialAction":[{"@type":"SearchAction","target":{"@type":"EntryPoint","urlTemplate":"https:\/\/viacarpatia.eu\/?s={search_term_string}"},"query-input":{"@type":"PropertyValueSpecification","valueRequired":true,"valueName":"search_term_string"}}],"inLanguage":"hu"}]}},"_links":{"self":[{"href":"https:\/\/viacarpatia.eu\/hu\/wp-json\/wp\/v2\/projekty\/10139","targetHints":{"allow":["GET"]}}],"collection":[{"href":"https:\/\/viacarpatia.eu\/hu\/wp-json\/wp\/v2\/projekty"}],"about":[{"href":"https:\/\/viacarpatia.eu\/hu\/wp-json\/wp\/v2\/types\/projekty"}],"wp:featuredmedia":[{"embeddable":true,"href":"https:\/\/viacarpatia.eu\/hu\/wp-json\/wp\/v2\/media\/10138"}],"wp:attachment":[{"href":"https:\/\/viacarpatia.eu\/hu\/wp-json\/wp\/v2\/media?parent=10139"}],"curies":[{"name":"wp","href":"https:\/\/api.w.org\/{rel}","templated":true}]}}