{"id":6875,"date":"2023-04-19T10:29:03","date_gmt":"2023-04-19T08:29:03","guid":{"rendered":"https:\/\/viacarpatia.eu\/projekty\/digicare4ce-digital-transformation-of-long-term-care-facilities-for-older-people\/"},"modified":"2024-04-18T15:00:17","modified_gmt":"2024-04-18T13:00:17","slug":"digicare4ce-digital-transformation-of-long-term-care-facilities-for-older-people","status":"publish","type":"projekty","link":"https:\/\/viacarpatia.eu\/hu\/projekty\/digicare4ce-digital-transformation-of-long-term-care-facilities-for-older-people\/","title":{"rendered":"DigiCare4CE &#8211; Digital transformation of long-term care facilities for older people"},"content":{"rendered":"<p>A Digi4Care projekt egy nemzetk\u00f6zi projekt, amelynek c\u00e9lja az id\u0151sek sz\u00e1m\u00e1ra fenntartott hossz\u00fa t\u00e1v\u00fa \u00e1pol\u00e1si l\u00e9tes\u00edtm\u00e9nyek digitaliz\u00e1l\u00e1s\u00e1nak fokozottabb el\u0151mozd\u00edt\u00e1sa. A projekt az Interreg Central Europe program t\u00e1mogat\u00e1s\u00e1val val\u00f3sul meg, \u00e9s az Eur\u00f3pai Region\u00e1lis Fejleszt\u00e9si Alap finansz\u00edrozza.<\/p>\n<p><img loading=\"lazy\" decoding=\"async\" class=\" wp-image-85 aligncenter\" src=\"https:\/\/viacarpatia.eu\/wp-content\/uploads\/2023\/04\/DigiCare4CE_Logo_Standard_large-300x127.png\" alt=\"\" width=\"411\" height=\"174\" srcset=\"https:\/\/viacarpatia.eu\/wp-content\/uploads\/2023\/04\/DigiCare4CE_Logo_Standard_large-300x127.png 300w, https:\/\/viacarpatia.eu\/wp-content\/uploads\/2023\/04\/DigiCare4CE_Logo_Standard_large-1024x435.png 1024w, https:\/\/viacarpatia.eu\/wp-content\/uploads\/2023\/04\/DigiCare4CE_Logo_Standard_large-768x326.png 768w, https:\/\/viacarpatia.eu\/wp-content\/uploads\/2023\/04\/DigiCare4CE_Logo_Standard_large-1536x652.png 1536w, https:\/\/viacarpatia.eu\/wp-content\/uploads\/2023\/04\/DigiCare4CE_Logo_Standard_large.png 1600w\" sizes=\"auto, (max-width: 411px) 100vw, 411px\" \/><br \/>\nAz id\u0151sek sz\u00e1m\u00e1ra fenntartott int\u00e9zm\u00e9nyekben a digit\u00e1lis megold\u00e1sok el\u0151mozd\u00edt\u00e1sa r\u00e9v\u00e9n a c\u00e9l az \u00e1pol\u00f3szem\u00e9lyzet tehermentes\u00edt\u00e9se \u00e9s az id\u0151sek sz\u00e1m\u00e1ra ny\u00fajtott ell\u00e1t\u00e1s min\u0151s\u00e9g\u00e9nek jav\u00edt\u00e1sa. A projekt c\u00e9lja ez\u00e9rt az id\u0151seket gondoz\u00f3 int\u00e9zm\u00e9nyek digit\u00e1lis \u00e1talak\u00edt\u00e1s\u00e1ra vonatkoz\u00f3 \u00e1tfog\u00f3 strat\u00e9gia kidolgoz\u00e1sa, a megfelel\u0151 innovat\u00edv technol\u00f3gi\u00e1k gyakorlati kipr\u00f3b\u00e1l\u00e1sa \u00e9s a javasolt strat\u00e9gia megval\u00f3s\u00edt\u00e1s\u00e1ra vonatkoz\u00f3 cselekv\u00e9si tervek kidolgoz\u00e1sa.<\/p>\n<p>A projekt k\u00e9pz\u00e9si \u00e9s oktat\u00e1si programokat is tartalmaz az id\u0151sekkel foglalkoz\u00f3 int\u00e9zm\u00e9nyek szem\u00e9lyzet\u00e9nek. Ezek a k\u00e9pz\u00e9sek \u00e9s oktat\u00e1sok az id\u0151sek gondoz\u00e1s\u00e1t jav\u00edt\u00f3 \u00faj technol\u00f3gi\u00e1k gyakorlati alkalmaz\u00e1s\u00e1ra \u00f6sszpontos\u00edtanak.<\/p>\n<p>V\u00e9gs\u0151 soron a projekt seg\u00edteni fogja az id\u0151sekkel foglalkoz\u00f3 int\u00e9zm\u00e9nyeket abban, hogy gyakorlati tapasztalatokat szerezzenek az \u00faj innovat\u00edv technol\u00f3gi\u00e1k haszn\u00e1lat\u00e1r\u00f3l, ez\u00e1ltal jav\u00edtva az id\u0151sek \u00e1ltal\u00e1nos ell\u00e1t\u00e1s\u00e1t a kassai r\u00e9gi\u00f3ban.<\/p>\n<p>A projekt megval\u00f3s\u00edt\u00e1s\u00e1ban \u00f6sszesen 10 partner vesz r\u00e9szt Szlov\u00e1ki\u00e1b\u00f3l, N\u00e9metorsz\u00e1gb\u00f3l, Ausztri\u00e1b\u00f3l, Olaszorsz\u00e1gb\u00f3l, Csehorsz\u00e1gb\u00f3l, Szlov\u00e9ni\u00e1b\u00f3l \u00e9s Lengyelorsz\u00e1gb\u00f3l.<\/p>\n<p>Weboldal: https:\/\/www.interreg-central.eu\/projects\/digicare4ce\/<\/p>\n<p><strong>A projekt id\u0151tartama:<\/strong><\/p>\n<ul>\n<li>01.03.2023 \u2013 28.02.2026<\/li>\n<\/ul>\n<p><strong>A projekt teljes k\u00f6lts\u00e9gvet\u00e9se:<\/strong><\/p>\n<ul>\n<li>2 184 181 \u20ac<\/li>\n<\/ul>\n<p><strong>ERFA-hozz\u00e1j\u00e1rul\u00e1s:<\/strong><\/p>\n<ul>\n<li>1 747 344 \u20ac<\/li>\n<\/ul>\n<p><strong>Projekt partnerek:<\/strong><\/p>\n<p>&nbsp;<\/p>\n<p><img loading=\"lazy\" decoding=\"async\" class=\" wp-image-87 aligncenter\" src=\"https:\/\/viacarpatia.eu\/wp-content\/uploads\/2023\/04\/Snimka-obrazovky-2023-04-05-112610-1-300x102.png\" alt=\"\" width=\"388\" height=\"132\" srcset=\"https:\/\/viacarpatia.eu\/wp-content\/uploads\/2023\/04\/Snimka-obrazovky-2023-04-05-112610-1-300x102.png 300w, https:\/\/viacarpatia.eu\/wp-content\/uploads\/2023\/04\/Snimka-obrazovky-2023-04-05-112610-1-1024x350.png 1024w, https:\/\/viacarpatia.eu\/wp-content\/uploads\/2023\/04\/Snimka-obrazovky-2023-04-05-112610-1-768x262.png 768w, https:\/\/viacarpatia.eu\/wp-content\/uploads\/2023\/04\/Snimka-obrazovky-2023-04-05-112610-1.png 1066w\" sizes=\"auto, (max-width: 388px) 100vw, 388px\" \/><\/p>\n","protected":false},"featured_media":8109,"template":"","class_list":["post-6875","projekty","type-projekty","status-publish","has-post-thumbnail","hentry"],"acf":[],"yoast_head":"<!-- This site is optimized with the Yoast SEO plugin v27.5 - https:\/\/yoast.com\/product\/yoast-seo-wordpress\/ -->\n<title>DigiCare4CE - Digital transformation of long-term care facilities for older people - ViaCarpatia<\/title>\n<meta name=\"robots\" content=\"index, follow, max-snippet:-1, max-image-preview:large, max-video-preview:-1\" \/>\n<link rel=\"canonical\" href=\"https:\/\/viacarpatia.eu\/hu\/projekty\/digicare4ce-digital-transformation-of-long-term-care-facilities-for-older-people\/\" \/>\n<meta property=\"og:locale\" content=\"hu_HU\" \/>\n<meta property=\"og:type\" content=\"article\" \/>\n<meta property=\"og:title\" content=\"DigiCare4CE - Digital transformation of long-term care facilities for older people - ViaCarpatia\" \/>\n<meta property=\"og:description\" content=\"A Digi4Care projekt egy nemzetk\u00f6zi projekt, amelynek c\u00e9lja az id\u0151sek sz\u00e1m\u00e1ra fenntartott hossz\u00fa t\u00e1v\u00fa \u00e1pol\u00e1si l\u00e9tes\u00edtm\u00e9nyek digitaliz\u00e1l\u00e1s\u00e1nak fokozottabb el\u0151mozd\u00edt\u00e1sa. A projekt az Interreg Central Europe program t\u00e1mogat\u00e1s\u00e1val val\u00f3sul meg, \u00e9s az Eur\u00f3pai Region\u00e1lis Fejleszt\u00e9si Alap finansz\u00edrozza. Az id\u0151sek sz\u00e1m\u00e1ra fenntartott int\u00e9zm\u00e9nyekben a digit\u00e1lis megold\u00e1sok el\u0151mozd\u00edt\u00e1sa r\u00e9v\u00e9n a c\u00e9l az \u00e1pol\u00f3szem\u00e9lyzet tehermentes\u00edt\u00e9se \u00e9s az id\u0151sek sz\u00e1m\u00e1ra [&hellip;]\" \/>\n<meta property=\"og:url\" content=\"https:\/\/viacarpatia.eu\/hu\/projekty\/digicare4ce-digital-transformation-of-long-term-care-facilities-for-older-people\/\" \/>\n<meta property=\"og:site_name\" content=\"ViaCarpatia\" \/>\n<meta property=\"article:modified_time\" content=\"2024-04-18T13:00:17+00:00\" \/>\n<meta property=\"og:image\" content=\"https:\/\/viacarpatia.eu\/wp-content\/uploads\/2023\/04\/DigiCare4CE_logo_fake.png\" \/>\n\t<meta property=\"og:image:width\" content=\"1280\" \/>\n\t<meta property=\"og:image:height\" content=\"720\" \/>\n\t<meta property=\"og:image:type\" content=\"image\/png\" \/>\n<meta name=\"twitter:card\" content=\"summary_large_image\" \/>\n<meta name=\"twitter:label1\" content=\"Becs\u00fclt olvas\u00e1si id\u0151\" \/>\n\t<meta name=\"twitter:data1\" content=\"2 perc\" \/>\n<script type=\"application\/ld+json\" class=\"yoast-schema-graph\">{\"@context\":\"https:\\\/\\\/schema.org\",\"@graph\":[{\"@type\":\"WebPage\",\"@id\":\"https:\\\/\\\/viacarpatia.eu\\\/hu\\\/projekty\\\/digicare4ce-digital-transformation-of-long-term-care-facilities-for-older-people\\\/\",\"url\":\"https:\\\/\\\/viacarpatia.eu\\\/hu\\\/projekty\\\/digicare4ce-digital-transformation-of-long-term-care-facilities-for-older-people\\\/\",\"name\":\"DigiCare4CE - Digital transformation of long-term care facilities for older people - ViaCarpatia\",\"isPartOf\":{\"@id\":\"https:\\\/\\\/viacarpatia.eu\\\/#website\"},\"primaryImageOfPage\":{\"@id\":\"https:\\\/\\\/viacarpatia.eu\\\/hu\\\/projekty\\\/digicare4ce-digital-transformation-of-long-term-care-facilities-for-older-people\\\/#primaryimage\"},\"image\":{\"@id\":\"https:\\\/\\\/viacarpatia.eu\\\/hu\\\/projekty\\\/digicare4ce-digital-transformation-of-long-term-care-facilities-for-older-people\\\/#primaryimage\"},\"thumbnailUrl\":\"https:\\\/\\\/viacarpatia.eu\\\/wp-content\\\/uploads\\\/2023\\\/04\\\/DigiCare4CE_logo_fake.png\",\"datePublished\":\"2023-04-19T08:29:03+00:00\",\"dateModified\":\"2024-04-18T13:00:17+00:00\",\"breadcrumb\":{\"@id\":\"https:\\\/\\\/viacarpatia.eu\\\/hu\\\/projekty\\\/digicare4ce-digital-transformation-of-long-term-care-facilities-for-older-people\\\/#breadcrumb\"},\"inLanguage\":\"hu\",\"potentialAction\":[{\"@type\":\"ReadAction\",\"target\":[\"https:\\\/\\\/viacarpatia.eu\\\/hu\\\/projekty\\\/digicare4ce-digital-transformation-of-long-term-care-facilities-for-older-people\\\/\"]}]},{\"@type\":\"ImageObject\",\"inLanguage\":\"hu\",\"@id\":\"https:\\\/\\\/viacarpatia.eu\\\/hu\\\/projekty\\\/digicare4ce-digital-transformation-of-long-term-care-facilities-for-older-people\\\/#primaryimage\",\"url\":\"https:\\\/\\\/viacarpatia.eu\\\/wp-content\\\/uploads\\\/2023\\\/04\\\/DigiCare4CE_logo_fake.png\",\"contentUrl\":\"https:\\\/\\\/viacarpatia.eu\\\/wp-content\\\/uploads\\\/2023\\\/04\\\/DigiCare4CE_logo_fake.png\",\"width\":1280,\"height\":720},{\"@type\":\"BreadcrumbList\",\"@id\":\"https:\\\/\\\/viacarpatia.eu\\\/hu\\\/projekty\\\/digicare4ce-digital-transformation-of-long-term-care-facilities-for-older-people\\\/#breadcrumb\",\"itemListElement\":[{\"@type\":\"ListItem\",\"position\":1,\"name\":\"Home\",\"item\":\"https:\\\/\\\/viacarpatia.eu\\\/\"},{\"@type\":\"ListItem\",\"position\":2,\"name\":\"DigiCare4CE &#8211; Digital transformation of long-term care facilities for older people\"}]},{\"@type\":\"WebSite\",\"@id\":\"https:\\\/\\\/viacarpatia.eu\\\/#website\",\"url\":\"https:\\\/\\\/viacarpatia.eu\\\/\",\"name\":\"ViaCarpatia\",\"description\":\"Sp\u00e1jame historick\u00e9 a kult\u00farno-jazykov\u00e9 trad\u00edcie\",\"alternateName\":\"ViaCarpatia\",\"potentialAction\":[{\"@type\":\"SearchAction\",\"target\":{\"@type\":\"EntryPoint\",\"urlTemplate\":\"https:\\\/\\\/viacarpatia.eu\\\/?s={search_term_string}\"},\"query-input\":{\"@type\":\"PropertyValueSpecification\",\"valueRequired\":true,\"valueName\":\"search_term_string\"}}],\"inLanguage\":\"hu\"}]}<\/script>\n<!-- \/ Yoast SEO plugin. -->","yoast_head_json":{"title":"DigiCare4CE - Digital transformation of long-term care facilities for older people - ViaCarpatia","robots":{"index":"index","follow":"follow","max-snippet":"max-snippet:-1","max-image-preview":"max-image-preview:large","max-video-preview":"max-video-preview:-1"},"canonical":"https:\/\/viacarpatia.eu\/hu\/projekty\/digicare4ce-digital-transformation-of-long-term-care-facilities-for-older-people\/","og_locale":"hu_HU","og_type":"article","og_title":"DigiCare4CE - Digital transformation of long-term care facilities for older people - ViaCarpatia","og_description":"A Digi4Care projekt egy nemzetk\u00f6zi projekt, amelynek c\u00e9lja az id\u0151sek sz\u00e1m\u00e1ra fenntartott hossz\u00fa t\u00e1v\u00fa \u00e1pol\u00e1si l\u00e9tes\u00edtm\u00e9nyek digitaliz\u00e1l\u00e1s\u00e1nak fokozottabb el\u0151mozd\u00edt\u00e1sa. A projekt az Interreg Central Europe program t\u00e1mogat\u00e1s\u00e1val val\u00f3sul meg, \u00e9s az Eur\u00f3pai Region\u00e1lis Fejleszt\u00e9si Alap finansz\u00edrozza. Az id\u0151sek sz\u00e1m\u00e1ra fenntartott int\u00e9zm\u00e9nyekben a digit\u00e1lis megold\u00e1sok el\u0151mozd\u00edt\u00e1sa r\u00e9v\u00e9n a c\u00e9l az \u00e1pol\u00f3szem\u00e9lyzet tehermentes\u00edt\u00e9se \u00e9s az id\u0151sek sz\u00e1m\u00e1ra [&hellip;]","og_url":"https:\/\/viacarpatia.eu\/hu\/projekty\/digicare4ce-digital-transformation-of-long-term-care-facilities-for-older-people\/","og_site_name":"ViaCarpatia","article_modified_time":"2024-04-18T13:00:17+00:00","og_image":[{"width":1280,"height":720,"url":"https:\/\/viacarpatia.eu\/wp-content\/uploads\/2023\/04\/DigiCare4CE_logo_fake.png","type":"image\/png"}],"twitter_card":"summary_large_image","twitter_misc":{"Becs\u00fclt olvas\u00e1si id\u0151":"2 perc"},"schema":{"@context":"https:\/\/schema.org","@graph":[{"@type":"WebPage","@id":"https:\/\/viacarpatia.eu\/hu\/projekty\/digicare4ce-digital-transformation-of-long-term-care-facilities-for-older-people\/","url":"https:\/\/viacarpatia.eu\/hu\/projekty\/digicare4ce-digital-transformation-of-long-term-care-facilities-for-older-people\/","name":"DigiCare4CE - Digital transformation of long-term care facilities for older people - ViaCarpatia","isPartOf":{"@id":"https:\/\/viacarpatia.eu\/#website"},"primaryImageOfPage":{"@id":"https:\/\/viacarpatia.eu\/hu\/projekty\/digicare4ce-digital-transformation-of-long-term-care-facilities-for-older-people\/#primaryimage"},"image":{"@id":"https:\/\/viacarpatia.eu\/hu\/projekty\/digicare4ce-digital-transformation-of-long-term-care-facilities-for-older-people\/#primaryimage"},"thumbnailUrl":"https:\/\/viacarpatia.eu\/wp-content\/uploads\/2023\/04\/DigiCare4CE_logo_fake.png","datePublished":"2023-04-19T08:29:03+00:00","dateModified":"2024-04-18T13:00:17+00:00","breadcrumb":{"@id":"https:\/\/viacarpatia.eu\/hu\/projekty\/digicare4ce-digital-transformation-of-long-term-care-facilities-for-older-people\/#breadcrumb"},"inLanguage":"hu","potentialAction":[{"@type":"ReadAction","target":["https:\/\/viacarpatia.eu\/hu\/projekty\/digicare4ce-digital-transformation-of-long-term-care-facilities-for-older-people\/"]}]},{"@type":"ImageObject","inLanguage":"hu","@id":"https:\/\/viacarpatia.eu\/hu\/projekty\/digicare4ce-digital-transformation-of-long-term-care-facilities-for-older-people\/#primaryimage","url":"https:\/\/viacarpatia.eu\/wp-content\/uploads\/2023\/04\/DigiCare4CE_logo_fake.png","contentUrl":"https:\/\/viacarpatia.eu\/wp-content\/uploads\/2023\/04\/DigiCare4CE_logo_fake.png","width":1280,"height":720},{"@type":"BreadcrumbList","@id":"https:\/\/viacarpatia.eu\/hu\/projekty\/digicare4ce-digital-transformation-of-long-term-care-facilities-for-older-people\/#breadcrumb","itemListElement":[{"@type":"ListItem","position":1,"name":"Home","item":"https:\/\/viacarpatia.eu\/"},{"@type":"ListItem","position":2,"name":"DigiCare4CE &#8211; Digital transformation of long-term care facilities for older people"}]},{"@type":"WebSite","@id":"https:\/\/viacarpatia.eu\/#website","url":"https:\/\/viacarpatia.eu\/","name":"ViaCarpatia","description":"Sp\u00e1jame historick\u00e9 a kult\u00farno-jazykov\u00e9 trad\u00edcie","alternateName":"ViaCarpatia","potentialAction":[{"@type":"SearchAction","target":{"@type":"EntryPoint","urlTemplate":"https:\/\/viacarpatia.eu\/?s={search_term_string}"},"query-input":{"@type":"PropertyValueSpecification","valueRequired":true,"valueName":"search_term_string"}}],"inLanguage":"hu"}]}},"_links":{"self":[{"href":"https:\/\/viacarpatia.eu\/hu\/wp-json\/wp\/v2\/projekty\/6875","targetHints":{"allow":["GET"]}}],"collection":[{"href":"https:\/\/viacarpatia.eu\/hu\/wp-json\/wp\/v2\/projekty"}],"about":[{"href":"https:\/\/viacarpatia.eu\/hu\/wp-json\/wp\/v2\/types\/projekty"}],"wp:featuredmedia":[{"embeddable":true,"href":"https:\/\/viacarpatia.eu\/hu\/wp-json\/wp\/v2\/media\/8109"}],"wp:attachment":[{"href":"https:\/\/viacarpatia.eu\/hu\/wp-json\/wp\/v2\/media?parent=6875"}],"curies":[{"name":"wp","href":"https:\/\/api.w.org\/{rel}","templated":true}]}}