{"id":9618,"date":"2025-03-03T11:03:44","date_gmt":"2025-03-03T10:03:44","guid":{"rendered":"https:\/\/viacarpatia.eu\/projekty\/mount-greenfra-rozvoj-zelenej-infrastruktury-na-valorizaciu-vody-predstavuje-inovativny-projekt-zamerany-na-podporu-rozvoja-zelenej-infrastruktury-a-udrzatelneho-hospodarenia-s-vodou-v-cezhranicnom\/"},"modified":"2025-11-25T14:27:37","modified_gmt":"2025-11-25T13:27:37","slug":"mount-greenfra-rozvoj-zelenej-infrastruktury-na-valorizaciu-vody-predstavuje-inovativny-projekt-zamerany-na-podporu-rozvoja-zelenej-infrastruktury-a-udrzatelneho-hospodarenia-s-vodou-v-cezhranicnom","status":"publish","type":"projekty","link":"https:\/\/viacarpatia.eu\/hu\/projekty\/mount-greenfra-rozvoj-zelenej-infrastruktury-na-valorizaciu-vody-predstavuje-inovativny-projekt-zamerany-na-podporu-rozvoja-zelenej-infrastruktury-a-udrzatelneho-hospodarenia-s-vodou-v-cezhranicnom\/","title":{"rendered":"A MOUNT GREENFRA \u2013 Z\u00f6ld infrastrukt\u00fara fejleszt\u00e9se a v\u00edz \u00e9rt\u00e9k\u00e9nek"},"content":{"rendered":"<p>A Via Carpatia EGTC versenyt hirdet magyar \u00e9s szlov\u00e1k k\u00f6z\u00e9piskol\u00e1sok sz\u00e1m\u00e1ra a #mountgreenfra projekt keret\u00e9ben, az Interreg Magyarorsz\u00e1g\u2013Szlov\u00e1kia program t\u00e1mogat\u00e1s\u00e1val.<\/p>\n<p><strong> Jelentkez\u00e9si lap a versenyre:<\/strong><\/p>\n<p><a href=\"https:\/\/viacarpatia.eu\/wp-content\/uploads\/2025\/10\/JELENTKEZESI-LAP-a-versenyre_EcoChallenge-HU.pdf\">JELENTKEZ\u00c9SI LAP a versenyre_EcoChallenge HU<\/a><\/p>\n<p><strong>A verseny szab\u00e1lyzata:<\/strong><\/p>\n<p><a href=\"https:\/\/viacarpatia.eu\/wp-content\/uploads\/2025\/03\/Via-Carpatia_Statut-sutaze_EcoChallenge_.pdf\">_Via Carpatia_VersenySzab\u00e1lyzata_EcoChallenge<\/a><\/p>\n<p><strong>K\u00e9zik\u00f6nyv k\u00f6z\u00e9piskol\u00e1sok sz\u00e1m\u00e1ra:<\/strong><\/p>\n<p><a href=\"https:\/\/viacarpatia.eu\/wp-content\/uploads\/2025\/10\/zelena-a-modra-hu-web-1.pdf\">H\u0171(s\u00ed)ts\u00fck v\u00e1rosainkat: K\u00e9k-z\u00f6ld megold\u00e1sok<\/a><\/p>\n<p><strong>Prezent\u00e1ci\u00f3 a k\u00e9zik\u00f6nyvh\u00f6z<\/strong>:<\/p>\n<p><a href=\"https:\/\/viacarpatia.eu\/wp-content\/uploads\/2025\/10\/kek-es-zold-infrastruktura-hu.pdf\">Prezent\u00e1ci\u00f3 a k\u00e9zik\u00f6nyvh\u00f6z -hu<\/a><\/p>\n<p><strong>EcoChallenge verseny \u2013 k\u00e9sz\u00fclj egy \u00e9lm\u00e9nyekkel teli napra!<\/strong><\/p>\n<p><strong>Id\u0151pont:<\/strong><\/p>\n<p>2025. december 16.<\/p>\n<p><strong>Helysz\u00edn: <\/strong><\/p>\n<p>Kassa \u2013 Kult\u00farpark K13 (Alfa \u00e9p\u00fclet),Kuku\u010d\u00ednova 2, 040 01 Ko\u0161ice<\/p>\n<p><strong>Mi v\u00e1r r\u00e1tok:<\/strong><\/p>\n<ul>\n<li>A verseny egy egynapos rendezv\u00e9ny r\u00e9sze, ahol n\u00e9gyf\u0151s k\u00f6z\u00e9piskolai csapatok \u00e9rt\u00e9kes nyerem\u00e9nyeket szerezhetnek maguknak \u00e9s iskol\u00e1juknak.<\/li>\n<li>A verseny mellett szakmai el\u0151ad\u00e1sok is lesznek a z\u00f6ld \u00e9s k\u00e9k infrastrukt\u00fara t\u00e9mak\u00f6r\u00e9ben.<\/li>\n<li>Az inform\u00e1ci\u00f3s \u00e9s bemutat\u00f3 standokon a di\u00e1kok megismerhetik, hogyan m\u0171k\u00f6dnek a modern technol\u00f3gi\u00e1k \u00e9s innov\u00e1ci\u00f3k a gyakorlatban, \u00e9s inspir\u00e1ci\u00f3t mer\u00edthetnek saj\u00e1t \u00f6tleteikhez \u00e9s projektjeikhez.<\/li>\n<\/ul>\n<p><strong>F\u0151d\u00edj:<\/strong><\/p>\n<p>Z\u00f6ldfal ki\u00e9p\u00edt\u00e9se a nyertes iskol\u00e1ban<\/p>\n<p>A z\u00f6ldfal egy \u00e9l\u0151 n\u00f6v\u00e9nyekkel bor\u00edtott fel\u00fclet, amely elhelyezhet\u0151 belt\u00e9ren vagy k\u00fclt\u00e9ren. Seg\u00edt jav\u00edtani a leveg\u0151 min\u0151s\u00e9g\u00e9t, cs\u00f6kkenti a por- \u00e9s zajszennyez\u00e9st, h\u0171ti a k\u00f6rnyezetet, \u00e9s eg\u00e9szs\u00e9gesebb, kellemesebb l\u00e9gk\u00f6rt teremt.<br \/>\n<strong>Plusz meglepet\u00e9s:<\/strong><\/p>\n<p>Tombola \u00e9rt\u00e9kes aj\u00e1nd\u00e9kokkal!<\/p>\n<p><strong>R\u00e9szv\u00e9teli felt\u00e9telek:<\/strong><\/p>\n<p>A versenyen val\u00f3 r\u00e9szv\u00e9tel felt\u00e9tele, hogy az iskola 10 di\u00e1kot regisztr\u00e1ljon: k\u00f6z\u00fcl\u00fck 4 di\u00e1k vesz r\u00e9szt a versenyen, m\u00edg a m\u00e1sik 6 a szakmai el\u0151ad\u00e1sokon.<\/p>\n<p>A di\u00e1kok tan\u00e1ri k\u00eds\u00e9retben kell, hogy \u00e9rkezzenek.<\/p>\n<p><strong>Biztos\u00edtott:<\/strong><\/p>\n<p>Friss\u00edt\u0151k minden r\u00e9sztvev\u0151 sz\u00e1m\u00e1ra<\/p>\n<p><strong>Kapcsolattart\u00f3 szem\u00e9lyek:<\/strong><\/p>\n<p>Chiara L\u0151rinczov\u00e1<br \/>\n\ud83d\udcde +421 908 841 162<br \/>\n\u2709\ufe0f chiara.lorinczova@viacarpatia.eu<\/p>\n<p>&nbsp;<\/p>\n<p>&nbsp;<\/p>\n<p>&nbsp;<\/p>\n<p><img loading=\"lazy\" decoding=\"async\" class=\" wp-image-9629 aligncenter\" src=\"https:\/\/viacarpatia.eu\/wp-content\/uploads\/2025\/03\/mountgreen-fra-300x169.png\" alt=\"\" width=\"407\" height=\"229\" srcset=\"https:\/\/viacarpatia.eu\/wp-content\/uploads\/2025\/03\/mountgreen-fra-300x169.png 300w, https:\/\/viacarpatia.eu\/wp-content\/uploads\/2025\/03\/mountgreen-fra-1024x576.png 1024w, https:\/\/viacarpatia.eu\/wp-content\/uploads\/2025\/03\/mountgreen-fra-768x432.png 768w, https:\/\/viacarpatia.eu\/wp-content\/uploads\/2025\/03\/mountgreen-fra.png 1333w\" sizes=\"auto, (max-width: 407px) 100vw, 407px\" \/><\/p>\n<p>&nbsp;<\/p>\n<p>&nbsp;<\/p>\n<p><strong>A MOUNT GREENFRA projekt \u2013 Z\u00f6ld megold\u00e1sok a Kassa Megye <\/strong><strong>Hat\u00e1rain T\u00fal<\/strong><\/p>\n<p>A <strong>MOUNT GREENFRA \u2013 Z\u00f6ld infrastrukt\u00fara fejleszt\u00e9se a v\u00edz \u00e9rt\u00e9k\u00e9nek n\u00f6vel\u00e9se <\/strong><strong>\u00e9rdek\u00e9ben hegyvid\u00e9ki k\u00f6rnyezetben<\/strong> egy innovat\u00edv kezdem\u00e9nyez\u00e9s, amely a z\u00f6ld infrastrukt\u00fara fejleszt\u00e9s\u00e9t \u00e9s a fenntarthat\u00f3 v\u00edzgazd\u00e1lkod\u00e1s el\u0151mozd\u00edt\u00e1s\u00e1t t\u0171zte ki c\u00e9lul a szlov\u00e1k\u2013magyar hat\u00e1rt\u00e9rs\u00e9gben. A projekt c\u00e9lja, hogy hozz\u00e1j\u00e1ruljon a term\u00e9szeti er\u0151forr\u00e1sok hat\u00e9konyabb felhaszn\u00e1l\u00e1s\u00e1hoz \u00e9s a k\u00f6rnyezeti fenntarthat\u00f3s\u00e1ghoz.<\/p>\n<p>&nbsp;<\/p>\n<p><img loading=\"lazy\" decoding=\"async\" class=\"alignleft size-medium wp-image-9632\" src=\"https:\/\/viacarpatia.eu\/wp-content\/uploads\/2025\/03\/husk2127_full-logo-HU_v1-10-300x37.png\" alt=\"\" width=\"300\" height=\"37\" srcset=\"https:\/\/viacarpatia.eu\/wp-content\/uploads\/2025\/03\/husk2127_full-logo-HU_v1-10-300x37.png 300w, https:\/\/viacarpatia.eu\/wp-content\/uploads\/2025\/03\/husk2127_full-logo-HU_v1-10-768x95.png 768w, https:\/\/viacarpatia.eu\/wp-content\/uploads\/2025\/03\/husk2127_full-logo-HU_v1-10.png 957w\" sizes=\"auto, (max-width: 300px) 100vw, 300px\" \/><\/p>\n<p>&nbsp;<\/p>\n<p>&nbsp;<\/p>\n<p>A projekt az<strong> Interreg VI-A Magyarorsz\u00e1g-Szlov\u00e1kia<\/strong> program keret\u00e9ben az <strong>Eur\u00f3pai <\/strong><strong>Region\u00e1lis Fejleszt\u00e9si Alap<\/strong> finansz\u00edroz\u00e1s\u00e1val val\u00f3sul meg.<\/p>\n<p>&nbsp;<\/p>\n<p><strong>A projekt teljes k\u00f6lts\u00e9gvet\u00e9se:<\/strong> 1 379 008,26 \u20ac<\/p>\n<p><strong>EU finansz\u00edroz\u00e1s:<\/strong> 1 103 206,60 \u20ac<\/p>\n<p><strong>Nemzeti t\u00e1rsfinansz\u00edroz\u00e1s:<\/strong> 186 057,52 \u20ac<\/p>\n<p><strong>Az A Via Carpatia Korl\u00e1tolt Felel\u0151ss\u00e9g\u0171 Eur\u00f3pai Ter\u00fcleti Egy\u00fcttm\u0171k\u00f6d\u00e9si Csoportosul\u00e1s uni\u00f3s finansz\u00edroz\u00e1sa:<\/strong> 328 343,90 EU<\/p>\n<p><strong>Megval\u00f3s\u00edt\u00e1si id\u0151szak:<\/strong> 2024. november 1. \u2013 2027. \u00e1prilis 30.<\/p>\n<p>&nbsp;<\/p>\n<p><strong>A projekt megval\u00f3s\u00edt\u00e1s\u00e1ban n\u00e9gy partner vesz r\u00e9szt:<\/strong><\/p>\n<p>\u25cf Budapest F\u0151v\u00e1ros XII. ker\u00fclet Hegyvid\u00e9ki \u00d6nkorm\u00e1nyzat (Magyarorsz\u00e1g)<\/p>\n<p>\u25cf Pilisborosjen\u0151 K\u00f6zs\u00e9g \u00d6nkorm\u00e1nyzata (Magyarorsz\u00e1g)<\/p>\n<p>\u25cf Via Carpatia Eur\u00f3pai Ter\u00fcleti T\u00e1rsul\u00e1s (Szlov\u00e1kia)<\/p>\n<p>\u25cf Kassai M\u0171szaki Egyetem (Szlov\u00e1kia)<\/p>\n<p>&nbsp;<\/p>\n<p>A Kass\u00e1n sz\u00e9khellyel rendelkez\u0151 <strong>Via Carpatia Eur\u00f3pai Ter\u00fcleti T\u00e1rsul\u00e1s<\/strong> meghat\u00e1roz\u00f3 szerepet t\u00f6lt be a projekt megval\u00f3s\u00edt\u00e1s\u00e1ban, \u00e9s kiemelt felel\u0151ss\u00e9get v\u00e1llal k\u00e9t f\u0151 tev\u00e9kenys\u00e9g ir\u00e1ny\u00edt\u00e1s\u00e1\u00e9rt:<\/p>\n<p><strong>1. K\u00f6z\u00e9piskolai verseny \u00e9s z\u00f6ldfalak \u00e9p\u00edt\u00e9se Kassa megye \u00e9s Borsod-Aba\u00faj-Zempl\u00e9n <\/strong><strong>v\u00e1rmegye iskol\u00e1iban \u2013<\/strong> A kezdem\u00e9nyez\u00e9s c\u00e9lja, hogy a di\u00e1kokat kreat\u00edv \u00e9s fenntarthat\u00f3 k\u00f6rnyezetv\u00e9delmi megold\u00e1sok kidolgoz\u00e1s\u00e1ra \u00f6szt\u00f6n\u00f6zze. A legjobb h\u00e1rom csapat Szlov\u00e1ki\u00e1b\u00f3l \u00e9s Magyarorsz\u00e1gr\u00f3l z\u00f6ldfalakat nyer az iskol\u00e1j\u00e1nak.<\/p>\n<p><strong>2. Fa\u00fcltet\u00e9s Buzita telep\u00fcl\u00e9sen a talajer\u00f3zi\u00f3 \u00e9s szennyez\u00e9s cs\u00f6kkent\u00e9se \u00e9rdek\u00e9ben: <\/strong>N\u00e9gy hekt\u00e1rnyi z\u00f6ldter\u00fclet ker\u00fcl telep\u00edt\u00e9sre, amely hozz\u00e1j\u00e1rul a talaj stabiliz\u00e1l\u00e1s\u00e1hoz \u00e9s a k\u00f6rnyezettudatoss\u00e1g n\u00f6vel\u00e9s\u00e9hez a r\u00e9gi\u00f3ban.<\/p>\n<p>&nbsp;<\/p>\n<p>A <strong>Via Carpatia Eur\u00f3pai Ter\u00fcleti T\u00e1rsul\u00e1s<\/strong> a projekt r\u00e9v\u00e9n nemcsak a k\u00f6rnyezeti min\u0151s\u00e9get jav\u00edtja, hanem oktatja \u00e9s \u00f6szt\u00f6nzi is a fiatalabb gener\u00e1ci\u00f3t. A projekt jelent\u0151s\u00e9g\u00e9t az innovat\u00edv<br \/>\nmegold\u00e1sok adj\u00e1k, amelyek a term\u00e9szeti er\u0151forr\u00e1sok v\u00e9delm\u00e9t, az es\u0151v\u00edz hasznos\u00edt\u00e1s\u00e1t \u00e9s a biodiverzit\u00e1s t\u00e1mogat\u00e1s\u00e1t szolg\u00e1lj\u00e1k.<\/p>\n<p>A <strong>MOUNT GREENFRA<\/strong> projekt j\u00f3 p\u00e9ld\u00e1t mutat arra, hogyan j\u00e1rulhat hozz\u00e1 a hat\u00e1ron \u00e1tny\u00fal\u00f3 egy\u00fcttm\u0171k\u00f6d\u00e9s egy fenntarthat\u00f3 j\u00f6v\u0151h\u00f6z. Az egy\u00fcttm\u0171k\u00f6d\u00e9s el\u0151nyei k\u00f6z\u00e9 tartozik a tapasztalatok \u00e9s a bev\u00e1lt gyakorlatok megoszt\u00e1sa a partnerek k\u00f6z\u00f6tt, az er\u0151forr\u00e1sok hat\u00e9konyabb felhaszn\u00e1l\u00e1sa, a k\u00f6rnyezeti kih\u00edv\u00e1sokra adott innovat\u00edv megold\u00e1sok kidolgoz\u00e1sa \u00e9s a hat\u00e1ron \u00e1tny\u00fal\u00f3 k\u00f6z\u00f6ss\u00e9gek k\u00f6z\u00f6tti kapcsolatok er\u0151s\u00edt\u00e9se.<\/p>\n<p>&nbsp;<\/p>\n<p><img loading=\"lazy\" decoding=\"async\" class=\"alignleft wp-image-9629\" src=\"https:\/\/viacarpatia.eu\/wp-content\/uploads\/2025\/03\/mountgreen-fra-300x169.png\" alt=\"\" width=\"387\" height=\"218\" srcset=\"https:\/\/viacarpatia.eu\/wp-content\/uploads\/2025\/03\/mountgreen-fra-300x169.png 300w, https:\/\/viacarpatia.eu\/wp-content\/uploads\/2025\/03\/mountgreen-fra-1024x576.png 1024w, https:\/\/viacarpatia.eu\/wp-content\/uploads\/2025\/03\/mountgreen-fra-768x432.png 768w, https:\/\/viacarpatia.eu\/wp-content\/uploads\/2025\/03\/mountgreen-fra.png 1333w\" sizes=\"auto, (max-width: 387px) 100vw, 387px\" \/><\/p>\n","protected":false},"featured_media":9620,"template":"","class_list":["post-9618","projekty","type-projekty","status-publish","has-post-thumbnail","hentry"],"acf":[],"yoast_head":"<!-- This site is optimized with the Yoast SEO plugin v27.5 - https:\/\/yoast.com\/product\/yoast-seo-wordpress\/ -->\n<title>A MOUNT GREENFRA \u2013 Z\u00f6ld infrastrukt\u00fara fejleszt\u00e9se a v\u00edz \u00e9rt\u00e9k\u00e9nek - ViaCarpatia<\/title>\n<meta name=\"robots\" content=\"index, follow, max-snippet:-1, max-image-preview:large, max-video-preview:-1\" \/>\n<link rel=\"canonical\" href=\"https:\/\/viacarpatia.eu\/hu\/projekty\/mount-greenfra-rozvoj-zelenej-infrastruktury-na-valorizaciu-vody-predstavuje-inovativny-projekt-zamerany-na-podporu-rozvoja-zelenej-infrastruktury-a-udrzatelneho-hospodarenia-s-vodou-v-cezhranicnom\/\" \/>\n<meta property=\"og:locale\" content=\"hu_HU\" \/>\n<meta property=\"og:type\" content=\"article\" \/>\n<meta property=\"og:title\" content=\"A MOUNT GREENFRA \u2013 Z\u00f6ld infrastrukt\u00fara fejleszt\u00e9se a v\u00edz \u00e9rt\u00e9k\u00e9nek - ViaCarpatia\" \/>\n<meta property=\"og:description\" content=\"A Via Carpatia EGTC versenyt hirdet magyar \u00e9s szlov\u00e1k k\u00f6z\u00e9piskol\u00e1sok sz\u00e1m\u00e1ra a #mountgreenfra projekt keret\u00e9ben, az Interreg Magyarorsz\u00e1g\u2013Szlov\u00e1kia program t\u00e1mogat\u00e1s\u00e1val. Jelentkez\u00e9si lap a versenyre: JELENTKEZ\u00c9SI LAP a versenyre_EcoChallenge HU A verseny szab\u00e1lyzata: _Via Carpatia_VersenySzab\u00e1lyzata_EcoChallenge K\u00e9zik\u00f6nyv k\u00f6z\u00e9piskol\u00e1sok sz\u00e1m\u00e1ra: H\u0171(s\u00ed)ts\u00fck v\u00e1rosainkat: K\u00e9k-z\u00f6ld megold\u00e1sok Prezent\u00e1ci\u00f3 a k\u00e9zik\u00f6nyvh\u00f6z: Prezent\u00e1ci\u00f3 a k\u00e9zik\u00f6nyvh\u00f6z -hu EcoChallenge verseny \u2013 k\u00e9sz\u00fclj egy \u00e9lm\u00e9nyekkel teli [&hellip;]\" \/>\n<meta property=\"og:url\" content=\"https:\/\/viacarpatia.eu\/hu\/projekty\/mount-greenfra-rozvoj-zelenej-infrastruktury-na-valorizaciu-vody-predstavuje-inovativny-projekt-zamerany-na-podporu-rozvoja-zelenej-infrastruktury-a-udrzatelneho-hospodarenia-s-vodou-v-cezhranicnom\/\" \/>\n<meta property=\"og:site_name\" content=\"ViaCarpatia\" \/>\n<meta property=\"article:modified_time\" content=\"2025-11-25T13:27:37+00:00\" \/>\n<meta property=\"og:image\" content=\"https:\/\/viacarpatia.eu\/wp-content\/uploads\/2025\/03\/Dizajn-bez-nazvu-1.png\" \/>\n\t<meta property=\"og:image:width\" content=\"1080\" \/>\n\t<meta property=\"og:image:height\" content=\"1350\" \/>\n\t<meta property=\"og:image:type\" content=\"image\/png\" \/>\n<meta name=\"twitter:card\" content=\"summary_large_image\" \/>\n<meta name=\"twitter:label1\" content=\"Becs\u00fclt olvas\u00e1si id\u0151\" \/>\n\t<meta name=\"twitter:data1\" content=\"4 perc\" \/>\n<script type=\"application\/ld+json\" class=\"yoast-schema-graph\">{\"@context\":\"https:\\\/\\\/schema.org\",\"@graph\":[{\"@type\":\"WebPage\",\"@id\":\"https:\\\/\\\/viacarpatia.eu\\\/hu\\\/projekty\\\/mount-greenfra-rozvoj-zelenej-infrastruktury-na-valorizaciu-vody-predstavuje-inovativny-projekt-zamerany-na-podporu-rozvoja-zelenej-infrastruktury-a-udrzatelneho-hospodarenia-s-vodou-v-cezhranicnom\\\/\",\"url\":\"https:\\\/\\\/viacarpatia.eu\\\/hu\\\/projekty\\\/mount-greenfra-rozvoj-zelenej-infrastruktury-na-valorizaciu-vody-predstavuje-inovativny-projekt-zamerany-na-podporu-rozvoja-zelenej-infrastruktury-a-udrzatelneho-hospodarenia-s-vodou-v-cezhranicnom\\\/\",\"name\":\"A MOUNT GREENFRA \u2013 Z\u00f6ld infrastrukt\u00fara fejleszt\u00e9se a v\u00edz \u00e9rt\u00e9k\u00e9nek - ViaCarpatia\",\"isPartOf\":{\"@id\":\"https:\\\/\\\/viacarpatia.eu\\\/#website\"},\"primaryImageOfPage\":{\"@id\":\"https:\\\/\\\/viacarpatia.eu\\\/hu\\\/projekty\\\/mount-greenfra-rozvoj-zelenej-infrastruktury-na-valorizaciu-vody-predstavuje-inovativny-projekt-zamerany-na-podporu-rozvoja-zelenej-infrastruktury-a-udrzatelneho-hospodarenia-s-vodou-v-cezhranicnom\\\/#primaryimage\"},\"image\":{\"@id\":\"https:\\\/\\\/viacarpatia.eu\\\/hu\\\/projekty\\\/mount-greenfra-rozvoj-zelenej-infrastruktury-na-valorizaciu-vody-predstavuje-inovativny-projekt-zamerany-na-podporu-rozvoja-zelenej-infrastruktury-a-udrzatelneho-hospodarenia-s-vodou-v-cezhranicnom\\\/#primaryimage\"},\"thumbnailUrl\":\"https:\\\/\\\/viacarpatia.eu\\\/wp-content\\\/uploads\\\/2025\\\/03\\\/Dizajn-bez-nazvu-1.png\",\"datePublished\":\"2025-03-03T10:03:44+00:00\",\"dateModified\":\"2025-11-25T13:27:37+00:00\",\"breadcrumb\":{\"@id\":\"https:\\\/\\\/viacarpatia.eu\\\/hu\\\/projekty\\\/mount-greenfra-rozvoj-zelenej-infrastruktury-na-valorizaciu-vody-predstavuje-inovativny-projekt-zamerany-na-podporu-rozvoja-zelenej-infrastruktury-a-udrzatelneho-hospodarenia-s-vodou-v-cezhranicnom\\\/#breadcrumb\"},\"inLanguage\":\"hu\",\"potentialAction\":[{\"@type\":\"ReadAction\",\"target\":[\"https:\\\/\\\/viacarpatia.eu\\\/hu\\\/projekty\\\/mount-greenfra-rozvoj-zelenej-infrastruktury-na-valorizaciu-vody-predstavuje-inovativny-projekt-zamerany-na-podporu-rozvoja-zelenej-infrastruktury-a-udrzatelneho-hospodarenia-s-vodou-v-cezhranicnom\\\/\"]}]},{\"@type\":\"ImageObject\",\"inLanguage\":\"hu\",\"@id\":\"https:\\\/\\\/viacarpatia.eu\\\/hu\\\/projekty\\\/mount-greenfra-rozvoj-zelenej-infrastruktury-na-valorizaciu-vody-predstavuje-inovativny-projekt-zamerany-na-podporu-rozvoja-zelenej-infrastruktury-a-udrzatelneho-hospodarenia-s-vodou-v-cezhranicnom\\\/#primaryimage\",\"url\":\"https:\\\/\\\/viacarpatia.eu\\\/wp-content\\\/uploads\\\/2025\\\/03\\\/Dizajn-bez-nazvu-1.png\",\"contentUrl\":\"https:\\\/\\\/viacarpatia.eu\\\/wp-content\\\/uploads\\\/2025\\\/03\\\/Dizajn-bez-nazvu-1.png\",\"width\":1080,\"height\":1350},{\"@type\":\"BreadcrumbList\",\"@id\":\"https:\\\/\\\/viacarpatia.eu\\\/hu\\\/projekty\\\/mount-greenfra-rozvoj-zelenej-infrastruktury-na-valorizaciu-vody-predstavuje-inovativny-projekt-zamerany-na-podporu-rozvoja-zelenej-infrastruktury-a-udrzatelneho-hospodarenia-s-vodou-v-cezhranicnom\\\/#breadcrumb\",\"itemListElement\":[{\"@type\":\"ListItem\",\"position\":1,\"name\":\"Home\",\"item\":\"https:\\\/\\\/viacarpatia.eu\\\/\"},{\"@type\":\"ListItem\",\"position\":2,\"name\":\"A MOUNT GREENFRA \u2013 Z\u00f6ld infrastrukt\u00fara fejleszt\u00e9se a v\u00edz \u00e9rt\u00e9k\u00e9nek\"}]},{\"@type\":\"WebSite\",\"@id\":\"https:\\\/\\\/viacarpatia.eu\\\/#website\",\"url\":\"https:\\\/\\\/viacarpatia.eu\\\/\",\"name\":\"ViaCarpatia\",\"description\":\"Sp\u00e1jame historick\u00e9 a kult\u00farno-jazykov\u00e9 trad\u00edcie\",\"alternateName\":\"ViaCarpatia\",\"potentialAction\":[{\"@type\":\"SearchAction\",\"target\":{\"@type\":\"EntryPoint\",\"urlTemplate\":\"https:\\\/\\\/viacarpatia.eu\\\/?s={search_term_string}\"},\"query-input\":{\"@type\":\"PropertyValueSpecification\",\"valueRequired\":true,\"valueName\":\"search_term_string\"}}],\"inLanguage\":\"hu\"}]}<\/script>\n<!-- \/ Yoast SEO plugin. -->","yoast_head_json":{"title":"A MOUNT GREENFRA \u2013 Z\u00f6ld infrastrukt\u00fara fejleszt\u00e9se a v\u00edz \u00e9rt\u00e9k\u00e9nek - ViaCarpatia","robots":{"index":"index","follow":"follow","max-snippet":"max-snippet:-1","max-image-preview":"max-image-preview:large","max-video-preview":"max-video-preview:-1"},"canonical":"https:\/\/viacarpatia.eu\/hu\/projekty\/mount-greenfra-rozvoj-zelenej-infrastruktury-na-valorizaciu-vody-predstavuje-inovativny-projekt-zamerany-na-podporu-rozvoja-zelenej-infrastruktury-a-udrzatelneho-hospodarenia-s-vodou-v-cezhranicnom\/","og_locale":"hu_HU","og_type":"article","og_title":"A MOUNT GREENFRA \u2013 Z\u00f6ld infrastrukt\u00fara fejleszt\u00e9se a v\u00edz \u00e9rt\u00e9k\u00e9nek - ViaCarpatia","og_description":"A Via Carpatia EGTC versenyt hirdet magyar \u00e9s szlov\u00e1k k\u00f6z\u00e9piskol\u00e1sok sz\u00e1m\u00e1ra a #mountgreenfra projekt keret\u00e9ben, az Interreg Magyarorsz\u00e1g\u2013Szlov\u00e1kia program t\u00e1mogat\u00e1s\u00e1val. Jelentkez\u00e9si lap a versenyre: JELENTKEZ\u00c9SI LAP a versenyre_EcoChallenge HU A verseny szab\u00e1lyzata: _Via Carpatia_VersenySzab\u00e1lyzata_EcoChallenge K\u00e9zik\u00f6nyv k\u00f6z\u00e9piskol\u00e1sok sz\u00e1m\u00e1ra: H\u0171(s\u00ed)ts\u00fck v\u00e1rosainkat: K\u00e9k-z\u00f6ld megold\u00e1sok Prezent\u00e1ci\u00f3 a k\u00e9zik\u00f6nyvh\u00f6z: Prezent\u00e1ci\u00f3 a k\u00e9zik\u00f6nyvh\u00f6z -hu EcoChallenge verseny \u2013 k\u00e9sz\u00fclj egy \u00e9lm\u00e9nyekkel teli [&hellip;]","og_url":"https:\/\/viacarpatia.eu\/hu\/projekty\/mount-greenfra-rozvoj-zelenej-infrastruktury-na-valorizaciu-vody-predstavuje-inovativny-projekt-zamerany-na-podporu-rozvoja-zelenej-infrastruktury-a-udrzatelneho-hospodarenia-s-vodou-v-cezhranicnom\/","og_site_name":"ViaCarpatia","article_modified_time":"2025-11-25T13:27:37+00:00","og_image":[{"width":1080,"height":1350,"url":"https:\/\/viacarpatia.eu\/wp-content\/uploads\/2025\/03\/Dizajn-bez-nazvu-1.png","type":"image\/png"}],"twitter_card":"summary_large_image","twitter_misc":{"Becs\u00fclt olvas\u00e1si id\u0151":"4 perc"},"schema":{"@context":"https:\/\/schema.org","@graph":[{"@type":"WebPage","@id":"https:\/\/viacarpatia.eu\/hu\/projekty\/mount-greenfra-rozvoj-zelenej-infrastruktury-na-valorizaciu-vody-predstavuje-inovativny-projekt-zamerany-na-podporu-rozvoja-zelenej-infrastruktury-a-udrzatelneho-hospodarenia-s-vodou-v-cezhranicnom\/","url":"https:\/\/viacarpatia.eu\/hu\/projekty\/mount-greenfra-rozvoj-zelenej-infrastruktury-na-valorizaciu-vody-predstavuje-inovativny-projekt-zamerany-na-podporu-rozvoja-zelenej-infrastruktury-a-udrzatelneho-hospodarenia-s-vodou-v-cezhranicnom\/","name":"A MOUNT GREENFRA \u2013 Z\u00f6ld infrastrukt\u00fara fejleszt\u00e9se a v\u00edz \u00e9rt\u00e9k\u00e9nek - ViaCarpatia","isPartOf":{"@id":"https:\/\/viacarpatia.eu\/#website"},"primaryImageOfPage":{"@id":"https:\/\/viacarpatia.eu\/hu\/projekty\/mount-greenfra-rozvoj-zelenej-infrastruktury-na-valorizaciu-vody-predstavuje-inovativny-projekt-zamerany-na-podporu-rozvoja-zelenej-infrastruktury-a-udrzatelneho-hospodarenia-s-vodou-v-cezhranicnom\/#primaryimage"},"image":{"@id":"https:\/\/viacarpatia.eu\/hu\/projekty\/mount-greenfra-rozvoj-zelenej-infrastruktury-na-valorizaciu-vody-predstavuje-inovativny-projekt-zamerany-na-podporu-rozvoja-zelenej-infrastruktury-a-udrzatelneho-hospodarenia-s-vodou-v-cezhranicnom\/#primaryimage"},"thumbnailUrl":"https:\/\/viacarpatia.eu\/wp-content\/uploads\/2025\/03\/Dizajn-bez-nazvu-1.png","datePublished":"2025-03-03T10:03:44+00:00","dateModified":"2025-11-25T13:27:37+00:00","breadcrumb":{"@id":"https:\/\/viacarpatia.eu\/hu\/projekty\/mount-greenfra-rozvoj-zelenej-infrastruktury-na-valorizaciu-vody-predstavuje-inovativny-projekt-zamerany-na-podporu-rozvoja-zelenej-infrastruktury-a-udrzatelneho-hospodarenia-s-vodou-v-cezhranicnom\/#breadcrumb"},"inLanguage":"hu","potentialAction":[{"@type":"ReadAction","target":["https:\/\/viacarpatia.eu\/hu\/projekty\/mount-greenfra-rozvoj-zelenej-infrastruktury-na-valorizaciu-vody-predstavuje-inovativny-projekt-zamerany-na-podporu-rozvoja-zelenej-infrastruktury-a-udrzatelneho-hospodarenia-s-vodou-v-cezhranicnom\/"]}]},{"@type":"ImageObject","inLanguage":"hu","@id":"https:\/\/viacarpatia.eu\/hu\/projekty\/mount-greenfra-rozvoj-zelenej-infrastruktury-na-valorizaciu-vody-predstavuje-inovativny-projekt-zamerany-na-podporu-rozvoja-zelenej-infrastruktury-a-udrzatelneho-hospodarenia-s-vodou-v-cezhranicnom\/#primaryimage","url":"https:\/\/viacarpatia.eu\/wp-content\/uploads\/2025\/03\/Dizajn-bez-nazvu-1.png","contentUrl":"https:\/\/viacarpatia.eu\/wp-content\/uploads\/2025\/03\/Dizajn-bez-nazvu-1.png","width":1080,"height":1350},{"@type":"BreadcrumbList","@id":"https:\/\/viacarpatia.eu\/hu\/projekty\/mount-greenfra-rozvoj-zelenej-infrastruktury-na-valorizaciu-vody-predstavuje-inovativny-projekt-zamerany-na-podporu-rozvoja-zelenej-infrastruktury-a-udrzatelneho-hospodarenia-s-vodou-v-cezhranicnom\/#breadcrumb","itemListElement":[{"@type":"ListItem","position":1,"name":"Home","item":"https:\/\/viacarpatia.eu\/"},{"@type":"ListItem","position":2,"name":"A MOUNT GREENFRA \u2013 Z\u00f6ld infrastrukt\u00fara fejleszt\u00e9se a v\u00edz \u00e9rt\u00e9k\u00e9nek"}]},{"@type":"WebSite","@id":"https:\/\/viacarpatia.eu\/#website","url":"https:\/\/viacarpatia.eu\/","name":"ViaCarpatia","description":"Sp\u00e1jame historick\u00e9 a kult\u00farno-jazykov\u00e9 trad\u00edcie","alternateName":"ViaCarpatia","potentialAction":[{"@type":"SearchAction","target":{"@type":"EntryPoint","urlTemplate":"https:\/\/viacarpatia.eu\/?s={search_term_string}"},"query-input":{"@type":"PropertyValueSpecification","valueRequired":true,"valueName":"search_term_string"}}],"inLanguage":"hu"}]}},"_links":{"self":[{"href":"https:\/\/viacarpatia.eu\/hu\/wp-json\/wp\/v2\/projekty\/9618","targetHints":{"allow":["GET"]}}],"collection":[{"href":"https:\/\/viacarpatia.eu\/hu\/wp-json\/wp\/v2\/projekty"}],"about":[{"href":"https:\/\/viacarpatia.eu\/hu\/wp-json\/wp\/v2\/types\/projekty"}],"wp:featuredmedia":[{"embeddable":true,"href":"https:\/\/viacarpatia.eu\/hu\/wp-json\/wp\/v2\/media\/9620"}],"wp:attachment":[{"href":"https:\/\/viacarpatia.eu\/hu\/wp-json\/wp\/v2\/media?parent=9618"}],"curies":[{"name":"wp","href":"https:\/\/api.w.org\/{rel}","templated":true}]}}